{"id":1713,"date":"2024-02-13T16:12:39","date_gmt":"2024-02-13T15:12:39","guid":{"rendered":"https:\/\/jatic.se\/?post_type=nyheter&#038;p=1713"},"modified":"2024-02-13T16:30:43","modified_gmt":"2024-02-13T15:30:43","slug":"grattis-bjuvs-kommun-foretagare","status":"publish","type":"nyheter","link":"https:\/\/jatic.se\/en\/news\/grattis-bjuvs-kommun-foretagare\/","title":{"rendered":"Grattis Bjuvs kommun f\u00f6retagare"},"content":{"rendered":"<figure class=\"wp-block-image size-full is-resized\"><img fetchpriority=\"high\" decoding=\"async\" width=\"1024\" height=\"576\" src=\"https:\/\/jatic.se\/wp-content\/uploads\/2024\/02\/Syna-gratulerar-Bjuvs-kommun-2-Skane-lan-16-9-1024x576-1.jpg\" alt=\"\" class=\"wp-image-1714\" style=\"width:836px;height:auto\" srcset=\"https:\/\/jatic.se\/wp-content\/uploads\/2024\/02\/Syna-gratulerar-Bjuvs-kommun-2-Skane-lan-16-9-1024x576-1.jpg 1024w, https:\/\/jatic.se\/wp-content\/uploads\/2024\/02\/Syna-gratulerar-Bjuvs-kommun-2-Skane-lan-16-9-1024x576-1-300x169.jpg 300w, https:\/\/jatic.se\/wp-content\/uploads\/2024\/02\/Syna-gratulerar-Bjuvs-kommun-2-Skane-lan-16-9-1024x576-1-768x432.jpg 768w, https:\/\/jatic.se\/wp-content\/uploads\/2024\/02\/Syna-gratulerar-Bjuvs-kommun-2-Skane-lan-16-9-1024x576-1-18x10.jpg 18w\" sizes=\"(max-width: 1024px) 100vw, 1024px\" \/><\/figure>\n\n\n\n<p><strong>Grattis Bjuvs kommun till andraplatsen i B\u00e4sta Tillv\u00e4xt 2023 i Sk\u00e5ne l\u00e4n!<\/strong><\/p>\n\n\n\n<p>Priset B\u00e4sta Tillv\u00e4xt tilldelas de kommuner i varje l\u00e4n som har st\u00f6rst andel f\u00f6retag som nyanst\u00e4ller, \u00f6kar sin oms\u00e4ttning och g\u00e5r med vinst. Vi granskar boksluten fr\u00e5n Sveriges samtliga aktiebolag f\u00f6r att med fakta kunna ta reda p\u00e5 hur det g\u00e5r f\u00f6r n\u00e4ringslivet i landets kommuner.<\/p>\n\n\n\n<p>Bred tillv\u00e4xt skapar stabila regioner. D\u00e4rf\u00f6r \u00e4r B\u00e4sta Tillv\u00e4xt en viktig v\u00e4rdem\u00e4tare. Synas tillv\u00e4xtindex premierar en stabil utveckling i n\u00e4ringslivet och lyfter fram kommuner d\u00e4r m\u00e5nga f\u00f6retag v\u00e4xer.<\/p>\n\n\n\n<ul class=\"wp-block-list\"><\/ul>\n\n\n\n<ul class=\"wp-block-list\">\n<li><\/li>\n<\/ul>","protected":false},"featured_media":1714,"template":"","class_list":["post-1713","nyheter","type-nyheter","status-publish","has-post-thumbnail","hentry"],"yoast_head":"<!-- This site is optimized with the Yoast SEO plugin v27.3 - https:\/\/yoast.com\/product\/yoast-seo-wordpress\/ -->\n<title>Grattis Bjuvs kommun f\u00f6retagare - Jatic<\/title>\n<meta name=\"robots\" content=\"index, follow, max-snippet:-1, max-image-preview:large, max-video-preview:-1\" \/>\n<link rel=\"canonical\" href=\"https:\/\/jatic.se\/en\/news\/grattis-bjuvs-kommun-foretagare\/\" \/>\n<meta property=\"og:locale\" content=\"en_US\" \/>\n<meta property=\"og:type\" content=\"article\" \/>\n<meta property=\"og:title\" content=\"Grattis Bjuvs kommun f\u00f6retagare - Jatic\" \/>\n<meta property=\"og:description\" content=\"Grattis Bjuvs kommun till andraplatsen i B\u00e4sta Tillv\u00e4xt 2023 i Sk\u00e5ne l\u00e4n! Priset B\u00e4sta Tillv\u00e4xt tilldelas de kommuner i varje l\u00e4n som har st\u00f6rst andel f\u00f6retag som nyanst\u00e4ller, \u00f6kar sin oms\u00e4ttning och g\u00e5r med vinst. Vi granskar boksluten fr\u00e5n Sveriges samtliga aktiebolag f\u00f6r att med fakta kunna ta reda p\u00e5 hur det g\u00e5r f\u00f6r n\u00e4ringslivet [&hellip;]\" \/>\n<meta property=\"og:url\" content=\"https:\/\/jatic.se\/en\/news\/grattis-bjuvs-kommun-foretagare\/\" \/>\n<meta property=\"og:site_name\" content=\"Jatic\" \/>\n<meta property=\"article:modified_time\" content=\"2024-02-13T15:30:43+00:00\" \/>\n<meta property=\"og:image\" content=\"https:\/\/jatic.se\/wp-content\/uploads\/2024\/02\/Syna-gratulerar-Bjuvs-kommun-2-Skane-lan-16-9-1024x576-1.jpg\" \/>\n\t<meta property=\"og:image:width\" content=\"1024\" \/>\n\t<meta property=\"og:image:height\" content=\"576\" \/>\n\t<meta property=\"og:image:type\" content=\"image\/jpeg\" \/>\n<meta name=\"twitter:card\" content=\"summary_large_image\" \/>\n<meta name=\"twitter:label1\" content=\"Est. reading time\" \/>\n\t<meta name=\"twitter:data1\" content=\"1 minute\" \/>\n<script type=\"application\/ld+json\" class=\"yoast-schema-graph\">{\"@context\":\"https:\\\/\\\/schema.org\",\"@graph\":[{\"@type\":\"WebPage\",\"@id\":\"https:\\\/\\\/jatic.se\\\/news\\\/grattis-bjuvs-kommun-foretagare\\\/\",\"url\":\"https:\\\/\\\/jatic.se\\\/news\\\/grattis-bjuvs-kommun-foretagare\\\/\",\"name\":\"Grattis Bjuvs kommun f\u00f6retagare - Jatic\",\"isPartOf\":{\"@id\":\"https:\\\/\\\/jatic.se\\\/#website\"},\"primaryImageOfPage\":{\"@id\":\"https:\\\/\\\/jatic.se\\\/news\\\/grattis-bjuvs-kommun-foretagare\\\/#primaryimage\"},\"image\":{\"@id\":\"https:\\\/\\\/jatic.se\\\/news\\\/grattis-bjuvs-kommun-foretagare\\\/#primaryimage\"},\"thumbnailUrl\":\"https:\\\/\\\/jatic.se\\\/wp-content\\\/uploads\\\/2024\\\/02\\\/Syna-gratulerar-Bjuvs-kommun-2-Skane-lan-16-9-1024x576-1.jpg\",\"datePublished\":\"2024-02-13T15:12:39+00:00\",\"dateModified\":\"2024-02-13T15:30:43+00:00\",\"breadcrumb\":{\"@id\":\"https:\\\/\\\/jatic.se\\\/news\\\/grattis-bjuvs-kommun-foretagare\\\/#breadcrumb\"},\"inLanguage\":\"en-US\",\"potentialAction\":[{\"@type\":\"ReadAction\",\"target\":[\"https:\\\/\\\/jatic.se\\\/news\\\/grattis-bjuvs-kommun-foretagare\\\/\"]}]},{\"@type\":\"ImageObject\",\"inLanguage\":\"en-US\",\"@id\":\"https:\\\/\\\/jatic.se\\\/news\\\/grattis-bjuvs-kommun-foretagare\\\/#primaryimage\",\"url\":\"https:\\\/\\\/jatic.se\\\/wp-content\\\/uploads\\\/2024\\\/02\\\/Syna-gratulerar-Bjuvs-kommun-2-Skane-lan-16-9-1024x576-1.jpg\",\"contentUrl\":\"https:\\\/\\\/jatic.se\\\/wp-content\\\/uploads\\\/2024\\\/02\\\/Syna-gratulerar-Bjuvs-kommun-2-Skane-lan-16-9-1024x576-1.jpg\",\"width\":1024,\"height\":576},{\"@type\":\"BreadcrumbList\",\"@id\":\"https:\\\/\\\/jatic.se\\\/news\\\/grattis-bjuvs-kommun-foretagare\\\/#breadcrumb\",\"itemListElement\":[{\"@type\":\"ListItem\",\"position\":1,\"name\":\"Home\",\"item\":\"https:\\\/\\\/jatic.se\\\/\"},{\"@type\":\"ListItem\",\"position\":2,\"name\":\"Nyheter\",\"item\":\"https:\\\/\\\/jatic.se\\\/news\\\/\"},{\"@type\":\"ListItem\",\"position\":3,\"name\":\"Grattis Bjuvs kommun f\u00f6retagare\"}]},{\"@type\":\"WebSite\",\"@id\":\"https:\\\/\\\/jatic.se\\\/#website\",\"url\":\"https:\\\/\\\/jatic.se\\\/\",\"name\":\"Jatic\",\"description\":\"Your global partner\",\"publisher\":{\"@id\":\"https:\\\/\\\/jatic.se\\\/#organization\"},\"potentialAction\":[{\"@type\":\"SearchAction\",\"target\":{\"@type\":\"EntryPoint\",\"urlTemplate\":\"https:\\\/\\\/jatic.se\\\/?s={search_term_string}\"},\"query-input\":{\"@type\":\"PropertyValueSpecification\",\"valueRequired\":true,\"valueName\":\"search_term_string\"}}],\"inLanguage\":\"en-US\"},{\"@type\":\"Organization\",\"@id\":\"https:\\\/\\\/jatic.se\\\/#organization\",\"name\":\"Jatic\",\"url\":\"https:\\\/\\\/jatic.se\\\/\",\"logo\":{\"@type\":\"ImageObject\",\"inLanguage\":\"en-US\",\"@id\":\"https:\\\/\\\/jatic.se\\\/#\\\/schema\\\/logo\\\/image\\\/\",\"url\":\"https:\\\/\\\/media.jatic.se\\\/2020\\\/06\\\/Logga-Mars-2019-1.png\",\"contentUrl\":\"https:\\\/\\\/media.jatic.se\\\/2020\\\/06\\\/Logga-Mars-2019-1.png\",\"width\":3141,\"height\":1178,\"caption\":\"Jatic\"},\"image\":{\"@id\":\"https:\\\/\\\/jatic.se\\\/#\\\/schema\\\/logo\\\/image\\\/\"}}]}<\/script>\n<!-- \/ Yoast SEO plugin. -->","yoast_head_json":{"title":"Grattis Bjuvs kommun f\u00f6retagare - Jatic","robots":{"index":"index","follow":"follow","max-snippet":"max-snippet:-1","max-image-preview":"max-image-preview:large","max-video-preview":"max-video-preview:-1"},"canonical":"https:\/\/jatic.se\/en\/news\/grattis-bjuvs-kommun-foretagare\/","og_locale":"en_US","og_type":"article","og_title":"Grattis Bjuvs kommun f\u00f6retagare - Jatic","og_description":"Grattis Bjuvs kommun till andraplatsen i B\u00e4sta Tillv\u00e4xt 2023 i Sk\u00e5ne l\u00e4n! Priset B\u00e4sta Tillv\u00e4xt tilldelas de kommuner i varje l\u00e4n som har st\u00f6rst andel f\u00f6retag som nyanst\u00e4ller, \u00f6kar sin oms\u00e4ttning och g\u00e5r med vinst. Vi granskar boksluten fr\u00e5n Sveriges samtliga aktiebolag f\u00f6r att med fakta kunna ta reda p\u00e5 hur det g\u00e5r f\u00f6r n\u00e4ringslivet [&hellip;]","og_url":"https:\/\/jatic.se\/en\/news\/grattis-bjuvs-kommun-foretagare\/","og_site_name":"Jatic","article_modified_time":"2024-02-13T15:30:43+00:00","og_image":[{"width":1024,"height":576,"url":"https:\/\/jatic.se\/wp-content\/uploads\/2024\/02\/Syna-gratulerar-Bjuvs-kommun-2-Skane-lan-16-9-1024x576-1.jpg","type":"image\/jpeg"}],"twitter_card":"summary_large_image","twitter_misc":{"Est. reading time":"1 minute"},"schema":{"@context":"https:\/\/schema.org","@graph":[{"@type":"WebPage","@id":"https:\/\/jatic.se\/news\/grattis-bjuvs-kommun-foretagare\/","url":"https:\/\/jatic.se\/news\/grattis-bjuvs-kommun-foretagare\/","name":"Grattis Bjuvs kommun f\u00f6retagare - Jatic","isPartOf":{"@id":"https:\/\/jatic.se\/#website"},"primaryImageOfPage":{"@id":"https:\/\/jatic.se\/news\/grattis-bjuvs-kommun-foretagare\/#primaryimage"},"image":{"@id":"https:\/\/jatic.se\/news\/grattis-bjuvs-kommun-foretagare\/#primaryimage"},"thumbnailUrl":"https:\/\/jatic.se\/wp-content\/uploads\/2024\/02\/Syna-gratulerar-Bjuvs-kommun-2-Skane-lan-16-9-1024x576-1.jpg","datePublished":"2024-02-13T15:12:39+00:00","dateModified":"2024-02-13T15:30:43+00:00","breadcrumb":{"@id":"https:\/\/jatic.se\/news\/grattis-bjuvs-kommun-foretagare\/#breadcrumb"},"inLanguage":"en-US","potentialAction":[{"@type":"ReadAction","target":["https:\/\/jatic.se\/news\/grattis-bjuvs-kommun-foretagare\/"]}]},{"@type":"ImageObject","inLanguage":"en-US","@id":"https:\/\/jatic.se\/news\/grattis-bjuvs-kommun-foretagare\/#primaryimage","url":"https:\/\/jatic.se\/wp-content\/uploads\/2024\/02\/Syna-gratulerar-Bjuvs-kommun-2-Skane-lan-16-9-1024x576-1.jpg","contentUrl":"https:\/\/jatic.se\/wp-content\/uploads\/2024\/02\/Syna-gratulerar-Bjuvs-kommun-2-Skane-lan-16-9-1024x576-1.jpg","width":1024,"height":576},{"@type":"BreadcrumbList","@id":"https:\/\/jatic.se\/news\/grattis-bjuvs-kommun-foretagare\/#breadcrumb","itemListElement":[{"@type":"ListItem","position":1,"name":"Home","item":"https:\/\/jatic.se\/"},{"@type":"ListItem","position":2,"name":"Nyheter","item":"https:\/\/jatic.se\/news\/"},{"@type":"ListItem","position":3,"name":"Grattis Bjuvs kommun f\u00f6retagare"}]},{"@type":"WebSite","@id":"https:\/\/jatic.se\/#website","url":"https:\/\/jatic.se\/","name":"Jatic","description":"Your global partner","publisher":{"@id":"https:\/\/jatic.se\/#organization"},"potentialAction":[{"@type":"SearchAction","target":{"@type":"EntryPoint","urlTemplate":"https:\/\/jatic.se\/?s={search_term_string}"},"query-input":{"@type":"PropertyValueSpecification","valueRequired":true,"valueName":"search_term_string"}}],"inLanguage":"en-US"},{"@type":"Organization","@id":"https:\/\/jatic.se\/#organization","name":"Jatic","url":"https:\/\/jatic.se\/","logo":{"@type":"ImageObject","inLanguage":"en-US","@id":"https:\/\/jatic.se\/#\/schema\/logo\/image\/","url":"https:\/\/media.jatic.se\/2020\/06\/Logga-Mars-2019-1.png","contentUrl":"https:\/\/media.jatic.se\/2020\/06\/Logga-Mars-2019-1.png","width":3141,"height":1178,"caption":"Jatic"},"image":{"@id":"https:\/\/jatic.se\/#\/schema\/logo\/image\/"}}]}},"_links":{"self":[{"href":"https:\/\/jatic.se\/en\/wp-json\/wp\/v2\/nyheter\/1713","targetHints":{"allow":["GET"]}}],"collection":[{"href":"https:\/\/jatic.se\/en\/wp-json\/wp\/v2\/nyheter"}],"about":[{"href":"https:\/\/jatic.se\/en\/wp-json\/wp\/v2\/types\/nyheter"}],"wp:featuredmedia":[{"embeddable":true,"href":"https:\/\/jatic.se\/en\/wp-json\/wp\/v2\/media\/1714"}],"wp:attachment":[{"href":"https:\/\/jatic.se\/en\/wp-json\/wp\/v2\/media?parent=1713"}],"curies":[{"name":"wp","href":"https:\/\/api.w.org\/{rel}","templated":true}]}}